{"id":4690,"date":"2024-10-31T15:40:55","date_gmt":"2024-10-31T14:40:55","guid":{"rendered":"https:\/\/bizibermeo.eus\/zer-ikusi\/iglesia-de-santa-eufemia\/"},"modified":"2026-03-02T10:01:30","modified_gmt":"2026-03-02T09:01:30","slug":"iglesia-de-santa-eufemia","status":"publish","type":"zer-ikusi","link":"https:\/\/bizibermeo.eus\/fr\/zer-ikusi\/iglesia-de-santa-eufemia\/","title":{"rendered":"L&rsquo;\u00e9glise de Santa Eufemia"},"content":{"rendered":"<p>L&rsquo;\u00e9glise de Santa Eufemia remonte probablement au XIIIe si\u00e8cle et elle a \u00e9t\u00e9 reconstruite au XVe si\u00e8cle. C&rsquo;est la plus ancienne \u00e9glise de Bermeo. L&rsquo;\u00e9glise est situ\u00e9e entre deux ports et c&rsquo;est pour cela qu&rsquo;on l&rsquo;appelle l&rsquo;\u00e9gilise du port.<\/p>\n<p>Quant au style architectural, il est gothique, comme en t\u00e9moignent les fen\u00eatres, les portes et les nervures des vo\u00fbtes. Elle poss\u00e8de une seule nef, elle poss\u00e8de un ch\u0153ur \u00e0 une extr\u00e9mit\u00e9 et le chevet est polygonal et comporte deux chapelles. \u00c0 c\u00f4t\u00e9 de la deuxi\u00e8me chapelle \u00e0 droite se trouve le tombeau des Mendozas (anciennement celui des Aroztegi), r\u00e9alis\u00e9 dans un style gothique fleuri. La tour a \u00e9t\u00e9 construite en 1783 et poss\u00e8de un d\u00f4me d\u00e9cor\u00e9 de pinacles, con\u00e7u par le ma\u00eetre Gabriel Kapelastegi.<\/p>\n<p>La caract\u00e9ristique la plus remarquable de l&rsquo;\u00e9glise de Santa Eufemia est que les rois et reines de Castille venaient jurer les privil\u00e8ges accord\u00e9s pour les seigneurs de Biscaye, au m\u00eame titre que les \u00e9glises de San Emeterio et San Zeledonio de Goikolexa \u00e0 Larrabetzu et Andra Mari de Gernika.<\/p>\n","protected":false},"featured_media":3642,"parent":0,"template":"","meta":{"_acf_changed":false},"ikusi-atala":[101],"class_list":["post-4690","zer-ikusi","type-zer-ikusi","status-publish","has-post-thumbnail","hentry","ikusi-atala-points-de-interet"],"acf":[],"yoast_head":"<!-- This site is optimized with the Yoast SEO plugin v27.4 - https:\/\/yoast.com\/product\/yoast-seo-wordpress\/ -->\n<title>L&#039;\u00e9glise de Santa Eufemia - Bizi Bermeo<\/title>\n<meta name=\"robots\" content=\"noindex, follow\" \/>\n<meta property=\"og:locale\" content=\"fr_FR\" \/>\n<meta property=\"og:type\" content=\"article\" \/>\n<meta property=\"og:title\" content=\"L&#039;\u00e9glise de Santa Eufemia - Bizi Bermeo\" \/>\n<meta property=\"og:description\" content=\"L&rsquo;\u00e9glise de Santa Eufemia remonte probablement au XIIIe si\u00e8cle et elle a \u00e9t\u00e9 reconstruite au XVe si\u00e8cle. C&rsquo;est la plus ancienne \u00e9glise de Bermeo. L&rsquo;\u00e9glise est situ\u00e9e entre deux ports et c&rsquo;est pour cela qu&rsquo;on l&rsquo;appelle l&rsquo;\u00e9gilise du port. Quant au style architectural, il est gothique, comme en t\u00e9moignent les fen\u00eatres, les portes et les [&hellip;]\" \/>\n<meta property=\"og:url\" content=\"https:\/\/bizibermeo.eus\/fr\/zer-ikusi\/iglesia-de-santa-eufemia\/\" \/>\n<meta property=\"og:site_name\" content=\"Bizi Bermeo\" \/>\n<meta property=\"article:modified_time\" content=\"2026-03-02T09:01:30+00:00\" \/>\n<meta property=\"og:image\" content=\"https:\/\/bizibermeo.eus\/wp-content\/uploads\/2024\/10\/santa-eufemia.jpg\" \/>\n\t<meta property=\"og:image:width\" content=\"1280\" \/>\n\t<meta property=\"og:image:height\" content=\"855\" \/>\n\t<meta property=\"og:image:type\" content=\"image\/jpeg\" \/>\n<meta name=\"twitter:card\" content=\"summary_large_image\" \/>\n<meta name=\"twitter:label1\" content=\"Dur\u00e9e de lecture estim\u00e9e\" \/>\n\t<meta name=\"twitter:data1\" content=\"1 minute\" \/>\n<script type=\"application\/ld+json\" class=\"yoast-schema-graph\">{\"@context\":\"https:\\\/\\\/schema.org\",\"@graph\":[{\"@type\":\"WebPage\",\"@id\":\"https:\\\/\\\/bizibermeo.eus\\\/fr\\\/zer-ikusi\\\/iglesia-de-santa-eufemia\\\/\",\"url\":\"https:\\\/\\\/bizibermeo.eus\\\/fr\\\/zer-ikusi\\\/iglesia-de-santa-eufemia\\\/\",\"name\":\"L'\u00e9glise de Santa Eufemia - Bizi Bermeo\",\"isPartOf\":{\"@id\":\"https:\\\/\\\/bizibermeo.eus\\\/fr\\\/#website\"},\"primaryImageOfPage\":{\"@id\":\"https:\\\/\\\/bizibermeo.eus\\\/fr\\\/zer-ikusi\\\/iglesia-de-santa-eufemia\\\/#primaryimage\"},\"image\":{\"@id\":\"https:\\\/\\\/bizibermeo.eus\\\/fr\\\/zer-ikusi\\\/iglesia-de-santa-eufemia\\\/#primaryimage\"},\"thumbnailUrl\":\"https:\\\/\\\/bizibermeo.eus\\\/wp-content\\\/uploads\\\/2024\\\/10\\\/santa-eufemia.jpg\",\"datePublished\":\"2024-10-31T14:40:55+00:00\",\"dateModified\":\"2026-03-02T09:01:30+00:00\",\"breadcrumb\":{\"@id\":\"https:\\\/\\\/bizibermeo.eus\\\/fr\\\/zer-ikusi\\\/iglesia-de-santa-eufemia\\\/#breadcrumb\"},\"inLanguage\":\"fr-FR\",\"potentialAction\":[{\"@type\":\"ReadAction\",\"target\":[\"https:\\\/\\\/bizibermeo.eus\\\/fr\\\/zer-ikusi\\\/iglesia-de-santa-eufemia\\\/\"]}]},{\"@type\":\"ImageObject\",\"inLanguage\":\"fr-FR\",\"@id\":\"https:\\\/\\\/bizibermeo.eus\\\/fr\\\/zer-ikusi\\\/iglesia-de-santa-eufemia\\\/#primaryimage\",\"url\":\"https:\\\/\\\/bizibermeo.eus\\\/wp-content\\\/uploads\\\/2024\\\/10\\\/santa-eufemia.jpg\",\"contentUrl\":\"https:\\\/\\\/bizibermeo.eus\\\/wp-content\\\/uploads\\\/2024\\\/10\\\/santa-eufemia.jpg\",\"width\":1280,\"height\":855},{\"@type\":\"BreadcrumbList\",\"@id\":\"https:\\\/\\\/bizibermeo.eus\\\/fr\\\/zer-ikusi\\\/iglesia-de-santa-eufemia\\\/#breadcrumb\",\"itemListElement\":[{\"@type\":\"ListItem\",\"position\":1,\"name\":\"Home\",\"item\":\"https:\\\/\\\/bizibermeo.eus\\\/fr\\\/\"},{\"@type\":\"ListItem\",\"position\":2,\"name\":\"Zer ikusi\",\"item\":\"https:\\\/\\\/bizibermeo.eus\\\/fr\\\/zer-ikusi\\\/\"},{\"@type\":\"ListItem\",\"position\":3,\"name\":\"L&#8217;\u00e9glise de Santa Eufemia\"}]},{\"@type\":\"WebSite\",\"@id\":\"https:\\\/\\\/bizibermeo.eus\\\/fr\\\/#website\",\"url\":\"https:\\\/\\\/bizibermeo.eus\\\/fr\\\/\",\"name\":\"Bizi Bermeo\",\"description\":\"Ongi etorri Bermeora!\",\"publisher\":{\"@id\":\"https:\\\/\\\/bizibermeo.eus\\\/fr\\\/#organization\"},\"potentialAction\":[{\"@type\":\"SearchAction\",\"target\":{\"@type\":\"EntryPoint\",\"urlTemplate\":\"https:\\\/\\\/bizibermeo.eus\\\/fr\\\/?s={search_term_string}\"},\"query-input\":{\"@type\":\"PropertyValueSpecification\",\"valueRequired\":true,\"valueName\":\"search_term_string\"}}],\"inLanguage\":\"fr-FR\"},{\"@type\":\"Organization\",\"@id\":\"https:\\\/\\\/bizibermeo.eus\\\/fr\\\/#organization\",\"name\":\"Bizi Bermeo\",\"url\":\"https:\\\/\\\/bizibermeo.eus\\\/fr\\\/\",\"logo\":{\"@type\":\"ImageObject\",\"inLanguage\":\"fr-FR\",\"@id\":\"https:\\\/\\\/bizibermeo.eus\\\/fr\\\/#\\\/schema\\\/logo\\\/image\\\/\",\"url\":\"https:\\\/\\\/bizibermeo.eus\\\/wp-content\\\/uploads\\\/2024\\\/10\\\/symbol.svg\",\"contentUrl\":\"https:\\\/\\\/bizibermeo.eus\\\/wp-content\\\/uploads\\\/2024\\\/10\\\/symbol.svg\",\"width\":333,\"height\":545,\"caption\":\"Bizi Bermeo\"},\"image\":{\"@id\":\"https:\\\/\\\/bizibermeo.eus\\\/fr\\\/#\\\/schema\\\/logo\\\/image\\\/\"}}]}<\/script>\n<!-- \/ Yoast SEO plugin. -->","yoast_head_json":{"title":"L'\u00e9glise de Santa Eufemia - Bizi Bermeo","robots":{"index":"noindex","follow":"follow"},"og_locale":"fr_FR","og_type":"article","og_title":"L'\u00e9glise de Santa Eufemia - Bizi Bermeo","og_description":"L&rsquo;\u00e9glise de Santa Eufemia remonte probablement au XIIIe si\u00e8cle et elle a \u00e9t\u00e9 reconstruite au XVe si\u00e8cle. C&rsquo;est la plus ancienne \u00e9glise de Bermeo. L&rsquo;\u00e9glise est situ\u00e9e entre deux ports et c&rsquo;est pour cela qu&rsquo;on l&rsquo;appelle l&rsquo;\u00e9gilise du port. Quant au style architectural, il est gothique, comme en t\u00e9moignent les fen\u00eatres, les portes et les [&hellip;]","og_url":"https:\/\/bizibermeo.eus\/fr\/zer-ikusi\/iglesia-de-santa-eufemia\/","og_site_name":"Bizi Bermeo","article_modified_time":"2026-03-02T09:01:30+00:00","og_image":[{"width":1280,"height":855,"url":"https:\/\/bizibermeo.eus\/wp-content\/uploads\/2024\/10\/santa-eufemia.jpg","type":"image\/jpeg"}],"twitter_card":"summary_large_image","twitter_misc":{"Dur\u00e9e de lecture estim\u00e9e":"1 minute"},"schema":{"@context":"https:\/\/schema.org","@graph":[{"@type":"WebPage","@id":"https:\/\/bizibermeo.eus\/fr\/zer-ikusi\/iglesia-de-santa-eufemia\/","url":"https:\/\/bizibermeo.eus\/fr\/zer-ikusi\/iglesia-de-santa-eufemia\/","name":"L'\u00e9glise de Santa Eufemia - Bizi Bermeo","isPartOf":{"@id":"https:\/\/bizibermeo.eus\/fr\/#website"},"primaryImageOfPage":{"@id":"https:\/\/bizibermeo.eus\/fr\/zer-ikusi\/iglesia-de-santa-eufemia\/#primaryimage"},"image":{"@id":"https:\/\/bizibermeo.eus\/fr\/zer-ikusi\/iglesia-de-santa-eufemia\/#primaryimage"},"thumbnailUrl":"https:\/\/bizibermeo.eus\/wp-content\/uploads\/2024\/10\/santa-eufemia.jpg","datePublished":"2024-10-31T14:40:55+00:00","dateModified":"2026-03-02T09:01:30+00:00","breadcrumb":{"@id":"https:\/\/bizibermeo.eus\/fr\/zer-ikusi\/iglesia-de-santa-eufemia\/#breadcrumb"},"inLanguage":"fr-FR","potentialAction":[{"@type":"ReadAction","target":["https:\/\/bizibermeo.eus\/fr\/zer-ikusi\/iglesia-de-santa-eufemia\/"]}]},{"@type":"ImageObject","inLanguage":"fr-FR","@id":"https:\/\/bizibermeo.eus\/fr\/zer-ikusi\/iglesia-de-santa-eufemia\/#primaryimage","url":"https:\/\/bizibermeo.eus\/wp-content\/uploads\/2024\/10\/santa-eufemia.jpg","contentUrl":"https:\/\/bizibermeo.eus\/wp-content\/uploads\/2024\/10\/santa-eufemia.jpg","width":1280,"height":855},{"@type":"BreadcrumbList","@id":"https:\/\/bizibermeo.eus\/fr\/zer-ikusi\/iglesia-de-santa-eufemia\/#breadcrumb","itemListElement":[{"@type":"ListItem","position":1,"name":"Home","item":"https:\/\/bizibermeo.eus\/fr\/"},{"@type":"ListItem","position":2,"name":"Zer ikusi","item":"https:\/\/bizibermeo.eus\/fr\/zer-ikusi\/"},{"@type":"ListItem","position":3,"name":"L&#8217;\u00e9glise de Santa Eufemia"}]},{"@type":"WebSite","@id":"https:\/\/bizibermeo.eus\/fr\/#website","url":"https:\/\/bizibermeo.eus\/fr\/","name":"Bizi Bermeo","description":"Ongi etorri Bermeora!","publisher":{"@id":"https:\/\/bizibermeo.eus\/fr\/#organization"},"potentialAction":[{"@type":"SearchAction","target":{"@type":"EntryPoint","urlTemplate":"https:\/\/bizibermeo.eus\/fr\/?s={search_term_string}"},"query-input":{"@type":"PropertyValueSpecification","valueRequired":true,"valueName":"search_term_string"}}],"inLanguage":"fr-FR"},{"@type":"Organization","@id":"https:\/\/bizibermeo.eus\/fr\/#organization","name":"Bizi Bermeo","url":"https:\/\/bizibermeo.eus\/fr\/","logo":{"@type":"ImageObject","inLanguage":"fr-FR","@id":"https:\/\/bizibermeo.eus\/fr\/#\/schema\/logo\/image\/","url":"https:\/\/bizibermeo.eus\/wp-content\/uploads\/2024\/10\/symbol.svg","contentUrl":"https:\/\/bizibermeo.eus\/wp-content\/uploads\/2024\/10\/symbol.svg","width":333,"height":545,"caption":"Bizi Bermeo"},"image":{"@id":"https:\/\/bizibermeo.eus\/fr\/#\/schema\/logo\/image\/"}}]}},"_links":{"self":[{"href":"https:\/\/bizibermeo.eus\/fr\/wp-json\/wp\/v2\/zer-ikusi\/4690","targetHints":{"allow":["GET"]}}],"collection":[{"href":"https:\/\/bizibermeo.eus\/fr\/wp-json\/wp\/v2\/zer-ikusi"}],"about":[{"href":"https:\/\/bizibermeo.eus\/fr\/wp-json\/wp\/v2\/types\/zer-ikusi"}],"wp:featuredmedia":[{"embeddable":true,"href":"https:\/\/bizibermeo.eus\/fr\/wp-json\/wp\/v2\/media\/3642"}],"wp:attachment":[{"href":"https:\/\/bizibermeo.eus\/fr\/wp-json\/wp\/v2\/media?parent=4690"}],"wp:term":[{"taxonomy":"ikusi-atala","embeddable":true,"href":"https:\/\/bizibermeo.eus\/fr\/wp-json\/wp\/v2\/ikusi-atala?post=4690"}],"curies":[{"name":"wp","href":"https:\/\/api.w.org\/{rel}","templated":true}]}}